{"id":1503,"date":"2021-10-21T10:05:13","date_gmt":"2021-10-21T08:05:13","guid":{"rendered":"https:\/\/veto.ioz.fr\/?page_id=1503"},"modified":"2022-02-05T12:18:11","modified_gmt":"2022-02-05T11:18:11","slug":"whats-up","status":"publish","type":"page","link":"https:\/\/www.ilove.rio\/pt\/whats-up\/","title":{"rendered":"Novidade"},"content":{"rendered":"<div data-elementor-type=\"wp-page\" data-elementor-id=\"1503\" class=\"elementor elementor-1503\">\n\t\t\t\t\t\t\t\t\t<section class=\"elementor-section elementor-top-section elementor-element elementor-element-2add0a6c elementor-section-height-min-height elementor-section-boxed elementor-section-height-default elementor-section-items-middle\" data-id=\"2add0a6c\" data-element_type=\"section\" data-settings=\"{&quot;background_background&quot;:&quot;slideshow&quot;,&quot;background_slideshow_gallery&quot;:[{&quot;id&quot;:2549,&quot;url&quot;:&quot;https:\\\/\\\/www.ilove.rio\\\/wp-content\\\/uploads\\\/2021\\\/11\\\/382204_709383.webp&quot;}],&quot;background_slideshow_ken_burns&quot;:&quot;yes&quot;,&quot;shape_divider_bottom&quot;:&quot;waves&quot;,&quot;background_slideshow_loop&quot;:&quot;yes&quot;,&quot;background_slideshow_slide_duration&quot;:5000,&quot;background_slideshow_slide_transition&quot;:&quot;fade&quot;,&quot;background_slideshow_transition_duration&quot;:500,&quot;background_slideshow_ken_burns_zoom_direction&quot;:&quot;in&quot;}\">\n\t\t\t\t\t\t\t<div class=\"elementor-background-overlay\"><\/div>\n\t\t\t\t\t\t<div class=\"elementor-shape elementor-shape-bottom\" data-negative=\"false\">\n\t\t\t<svg xmlns=\"http:\/\/www.w3.org\/2000\/svg\" viewbox=\"0 0 1000 100\" preserveaspectratio=\"none\">\n\t<path class=\"elementor-shape-fill\" d=\"M421.9,6.5c22.6-2.5,51.5,0.4,75.5,5.3c23.6,4.9,70.9,23.5,100.5,35.7c75.8,32.2,133.7,44.5,192.6,49.7\tc23.6,2.1,48.7,3.5,103.4-2.5c54.7-6,106.2-25.6,106.2-25.6V0H0v30.3c0,0,72,32.6,158.4,30.5c39.2-0.7,92.8-6.7,134-22.4\tc21.2-8.1,52.2-18.2,79.7-24.2C399.3,7.9,411.6,7.5,421.9,6.5z\"\/>\n<\/svg>\t\t<\/div>\n\t\t\t\t\t<div class=\"elementor-container elementor-column-gap-no\">\n\t\t\t\t\t<div class=\"elementor-column elementor-col-100 elementor-top-column elementor-element elementor-element-28c6b882\" data-id=\"28c6b882\" data-element_type=\"column\">\n\t\t\t<div class=\"elementor-widget-wrap elementor-element-populated\">\n\t\t\t\t\t\t\t\t<div class=\"elementor-element elementor-element-16d29a2c elementor-widget elementor-widget-heading\" data-id=\"16d29a2c\" data-element_type=\"widget\" data-widget_type=\"heading.default\">\n\t\t\t\t<div class=\"elementor-widget-container\">\n\t\t\t<style>\/*! elementor - v3.12.1 - 02-04-2023 *\/\n.elementor-heading-title{padding:0;margin:0;line-height:1}.elementor-widget-heading .elementor-heading-title[class*=elementor-size-]>a{color:inherit;font-size:inherit;line-height:inherit}.elementor-widget-heading .elementor-heading-title.elementor-size-small{font-size:15px}.elementor-widget-heading .elementor-heading-title.elementor-size-medium{font-size:19px}.elementor-widget-heading .elementor-heading-title.elementor-size-large{font-size:29px}.elementor-widget-heading .elementor-heading-title.elementor-size-xl{font-size:39px}.elementor-widget-heading .elementor-heading-title.elementor-size-xxl{font-size:59px}<\/style><h2 class=\"elementor-heading-title elementor-size-default\">NOVIDADE<\/h2>\t\t<\/div>\n\t\t\t\t<\/div>\n\t\t\t\t\t<\/div>\n\t\t<\/div>\n\t\t\t\t\t\t\t<\/div>\n\t\t<\/section>\n\t\t\t\t<section class=\"elementor-section elementor-top-section elementor-element elementor-element-585dc99 elementor-section-boxed elementor-section-height-default elementor-section-height-default\" data-id=\"585dc99\" data-element_type=\"section\">\n\t\t\t\t\t\t<div class=\"elementor-container elementor-column-gap-default\">\n\t\t\t\t\t<div class=\"elementor-column elementor-col-100 elementor-top-column elementor-element elementor-element-aeb5540\" data-id=\"aeb5540\" data-element_type=\"column\">\n\t\t\t<div class=\"elementor-widget-wrap elementor-element-populated\">\n\t\t\t\t\t\t\t\t<div class=\"elementor-element elementor-element-d35740c elementor-widget elementor-widget-template\" data-id=\"d35740c\" data-element_type=\"widget\" data-widget_type=\"template.default\">\n\t\t\t\t<div class=\"elementor-widget-container\">\n\t\t\t\t\t<div class=\"elementor-template\">\n\t\t\t\t\t<div data-elementor-type=\"archive\" data-elementor-id=\"1406\" class=\"elementor elementor-1406\">\n\t\t\t\t\t\t\t\t<section class=\"elementor-section elementor-top-section elementor-element elementor-element-04ed907 elementor-section-boxed elementor-section-height-default elementor-section-height-default\" data-id=\"04ed907\" data-element_type=\"section\">\n\t\t\t\t\t\t<div class=\"elementor-container elementor-column-gap-default\">\n\t\t\t\t\t<div class=\"elementor-column elementor-col-100 elementor-top-column elementor-element elementor-element-2bde015\" data-id=\"2bde015\" data-element_type=\"column\">\n\t\t\t<div class=\"elementor-widget-wrap elementor-element-populated\">\n\t\t\t\t\t\t\t\t<div class=\"elementor-element elementor-element-6ad93f3 elementor-widget elementor-widget-heading\" data-id=\"6ad93f3\" data-element_type=\"widget\" data-widget_type=\"heading.default\">\n\t\t\t\t<div class=\"elementor-widget-container\">\n\t\t\t<h2 class=\"elementor-heading-title elementor-size-default\">NOVIDADE<\/h2>\t\t<\/div>\n\t\t\t\t<\/div>\n\t\t\t\t<div class=\"elementor-element elementor-element-0788c25 elementor-grid-3 elementor-grid-tablet-2 elementor-grid-mobile-1 elementor-posts--thumbnail-top elementor-card-shadow-yes elementor-posts__hover-gradient elementor-widget elementor-widget-posts\" data-id=\"0788c25\" data-element_type=\"widget\" data-settings=\"{&quot;cards_row_gap&quot;:{&quot;unit&quot;:&quot;px&quot;,&quot;size&quot;:20,&quot;sizes&quot;:[]},&quot;pagination_type&quot;:&quot;numbers_and_prev_next&quot;,&quot;cards_columns&quot;:&quot;3&quot;,&quot;cards_columns_tablet&quot;:&quot;2&quot;,&quot;cards_columns_mobile&quot;:&quot;1&quot;,&quot;cards_row_gap_tablet&quot;:{&quot;unit&quot;:&quot;px&quot;,&quot;size&quot;:&quot;&quot;,&quot;sizes&quot;:[]},&quot;cards_row_gap_mobile&quot;:{&quot;unit&quot;:&quot;px&quot;,&quot;size&quot;:&quot;&quot;,&quot;sizes&quot;:[]}}\" data-widget_type=\"posts.cards\">\n\t\t\t\t<div class=\"elementor-widget-container\">\n\t\t\t<link rel=\"stylesheet\" href=\"https:\/\/www.ilove.rio\/wp-content\/plugins\/elementor-pro\/assets\/css\/widget-posts.min.css\">\t\t<div class=\"elementor-posts-container elementor-posts elementor-posts--skin-cards elementor-grid\">\n\t\t\t\t<article class=\"elementor-post elementor-grid-item post-9410 post type-post status-publish format-standard has-post-thumbnail hentry category-news-hp category-whats-up\">\n\t\t\t<div class=\"elementor-post__card\">\n\t\t\t\t<a class=\"elementor-post__thumbnail__link\" href=\"https:\/\/www.ilove.rio\/pt\/o-ilove-rio-apresenta-cada-vez-mais-novos-talentos-brasileiros-com-o-groover-co-ilove-rio-presents-more-and-more-new-brazilian-talents-with-groover-co\/\"><div class=\"elementor-post__thumbnail\"><img loading=\"lazy\" decoding=\"async\" width=\"300\" height=\"300\" src=\"https:\/\/www.ilove.rio\/wp-content\/uploads\/2024\/02\/Bruna-Black-John-Finbury-Sera-300x300.jpg\" class=\"attachment-medium size-medium wp-image-9416\" alt=\"\" srcset=\"https:\/\/www.ilove.rio\/wp-content\/uploads\/2024\/02\/Bruna-Black-John-Finbury-Sera-300x300.jpg 300w, https:\/\/www.ilove.rio\/wp-content\/uploads\/2024\/02\/Bruna-Black-John-Finbury-Sera-1024x1024.jpg 1024w, https:\/\/www.ilove.rio\/wp-content\/uploads\/2024\/02\/Bruna-Black-John-Finbury-Sera-150x150.jpg 150w, https:\/\/www.ilove.rio\/wp-content\/uploads\/2024\/02\/Bruna-Black-John-Finbury-Sera-768x768.jpg 768w, https:\/\/www.ilove.rio\/wp-content\/uploads\/2024\/02\/Bruna-Black-John-Finbury-Sera-12x12.jpg 12w, https:\/\/www.ilove.rio\/wp-content\/uploads\/2024\/02\/Bruna-Black-John-Finbury-Sera.jpg 1400w\" sizes=\"auto, (max-width: 300px) 100vw, 300px\" title=\"\"><\/div><\/a>\n\t\t\t\t<div class=\"elementor-post__text\">\n\t\t\t\t<h3 class=\"elementor-post__title\">\n\t\t\t<a href=\"https:\/\/www.ilove.rio\/pt\/o-ilove-rio-apresenta-cada-vez-mais-novos-talentos-brasileiros-com-o-groover-co-ilove-rio-presents-more-and-more-new-brazilian-talents-with-groover-co\/\">\n\t\t\t\tO ILOVE.RIO APRESENTA CADA VEZ MAIS NOVOS TALENTOS BRASILEIROS COM O GROOVER.CO! ILOVE.RIO PRESENTS MORE AND MORE NEW BRAZILIAN TALENTS WITH GROOVER.CO!\t\t\t<\/a>\n\t\t<\/h3>\n\t\t\t\t<div class=\"elementor-post__excerpt\">\n\t\t\t<p>FEV.\/FEB. 2024 OBRIGADO POR SUAS MUITAS SOLICITA\u00c7\u00d5ES. O ILOVE.RIO RECEBE NOVOS TALENTOS TODOS OS DIAS GRA\u00c7AS AO SITE GROOVER.CO. SELECIONAMOS FAIXAS QUE CORRESPONDEM AOS NOSSOS FORMATOS MUSICAIS E, \u00c9 CLARO,<\/p>\n\t\t<\/div>\n\t\t\n\t\t<a class=\"elementor-post__read-more\" href=\"https:\/\/www.ilove.rio\/pt\/o-ilove-rio-apresenta-cada-vez-mais-novos-talentos-brasileiros-com-o-groover-co-ilove-rio-presents-more-and-more-new-brazilian-talents-with-groover-co\/\" aria-label=\"Read more about O ILOVE.RIO APRESENTA CADA VEZ MAIS NOVOS TALENTOS BRASILEIROS COM O GROOVER.CO! ILOVE.RIO PRESENTS MORE AND MORE NEW BRAZILIAN TALENTS WITH GROOVER.CO!\">\n\t\t\tLeia mais\t\t<\/a>\n\n\t\t\t\t<\/div>\n\t\t\t\t\t<\/div>\n\t\t<\/article>\n\t\t\t\t<article class=\"elementor-post elementor-grid-item post-9342 post type-post status-publish format-standard has-post-thumbnail hentry category-news-hp category-whats-up\">\n\t\t\t<div class=\"elementor-post__card\">\n\t\t\t\t<a class=\"elementor-post__thumbnail__link\" href=\"https:\/\/www.ilove.rio\/pt\/depois-do-carnaval-e-aqui-esta-nossa-atualizacao-de-feveiro-memorias-de-carnaval-resacas-de-carnaval-dores-de-carnaval-namorados-de-carnaval-obrigado-por-nosso-maravilhoso-carnaval-f\/\"><div class=\"elementor-post__thumbnail\"><img loading=\"lazy\" decoding=\"async\" width=\"300\" height=\"113\" src=\"https:\/\/www.ilove.rio\/wp-content\/uploads\/2024\/02\/e8b026a7-c3a2-440a-961f-1e22fe4367e4-300x113.jpeg\" class=\"attachment-medium size-medium wp-image-9329\" alt=\"\" srcset=\"https:\/\/www.ilove.rio\/wp-content\/uploads\/2024\/02\/e8b026a7-c3a2-440a-961f-1e22fe4367e4-300x113.jpeg 300w, https:\/\/www.ilove.rio\/wp-content\/uploads\/2024\/02\/e8b026a7-c3a2-440a-961f-1e22fe4367e4-1024x384.jpeg 1024w, https:\/\/www.ilove.rio\/wp-content\/uploads\/2024\/02\/e8b026a7-c3a2-440a-961f-1e22fe4367e4-768x288.jpeg 768w, https:\/\/www.ilove.rio\/wp-content\/uploads\/2024\/02\/e8b026a7-c3a2-440a-961f-1e22fe4367e4-1536x576.jpeg 1536w, https:\/\/www.ilove.rio\/wp-content\/uploads\/2024\/02\/e8b026a7-c3a2-440a-961f-1e22fe4367e4-18x7.jpeg 18w, https:\/\/www.ilove.rio\/wp-content\/uploads\/2024\/02\/e8b026a7-c3a2-440a-961f-1e22fe4367e4.jpeg 1600w\" sizes=\"auto, (max-width: 300px) 100vw, 300px\" title=\"\"><\/div><\/a>\n\t\t\t\t<div class=\"elementor-post__text\">\n\t\t\t\t<h3 class=\"elementor-post__title\">\n\t\t\t<a href=\"https:\/\/www.ilove.rio\/pt\/depois-do-carnaval-e-aqui-esta-nossa-atualizacao-de-feveiro-memorias-de-carnaval-resacas-de-carnaval-dores-de-carnaval-namorados-de-carnaval-obrigado-por-nosso-maravilhoso-carnaval-f\/\">\n\t\t\t\tDEPOIS DO CARNAVAL&#8230; ATUALIZA\u00c7\u00c3O DE FEVEIRO &#8211; AFTER CARNIVAL\u2026 FEBRUARY UPDATE\t\t\t<\/a>\n\t\t<\/h3>\n\t\t\t\t<div class=\"elementor-post__excerpt\">\n\t\t\t<p>FEV.\/FEB. DEPOIS DO CARNAVAL\u2026 E AQUI EST\u00c1, NOSSA ATUALIZA\u00c7\u00c3O DE FEVEIRO: MEM\u00d3RIAS DE CARNAVAL, RESSACAS DE CARNAVAL, DORES DE CARNAVAL, NAMORADOS DE CARNAVAL\u2026 OBRIGADO POR NOSSO MARAVILHOSO CARNAVAL, FINALMENTE DE<\/p>\n\t\t<\/div>\n\t\t\n\t\t<a class=\"elementor-post__read-more\" href=\"https:\/\/www.ilove.rio\/pt\/depois-do-carnaval-e-aqui-esta-nossa-atualizacao-de-feveiro-memorias-de-carnaval-resacas-de-carnaval-dores-de-carnaval-namorados-de-carnaval-obrigado-por-nosso-maravilhoso-carnaval-f\/\" aria-label=\"Read more about DEPOIS DO CARNAVAL&#8230; ATUALIZA\u00c7\u00c3O DE FEVEIRO &#8211; AFTER CARNIVAL\u2026 FEBRUARY UPDATE\">\n\t\t\tLeia mais\t\t<\/a>\n\n\t\t\t\t<\/div>\n\t\t\t\t\t<\/div>\n\t\t<\/article>\n\t\t\t\t<article class=\"elementor-post elementor-grid-item post-9207 post type-post status-publish format-standard has-post-thumbnail hentry category-news-hp category-whats-up\">\n\t\t\t<div class=\"elementor-post__card\">\n\t\t\t\t<a class=\"elementor-post__thumbnail__link\" href=\"https:\/\/www.ilove.rio\/pt\/ilove-rio-apresenta-novos-talentos-brasileiros-com-groover-co\/\"><div class=\"elementor-post__thumbnail\"><img loading=\"lazy\" decoding=\"async\" width=\"300\" height=\"113\" src=\"https:\/\/www.ilove.rio\/wp-content\/uploads\/2023\/05\/NEW-TAELNTS-300x113.jpeg\" class=\"attachment-medium size-medium wp-image-9005\" alt=\"\" srcset=\"https:\/\/www.ilove.rio\/wp-content\/uploads\/2023\/05\/NEW-TAELNTS-300x113.jpeg 300w, https:\/\/www.ilove.rio\/wp-content\/uploads\/2023\/05\/NEW-TAELNTS-1024x384.jpeg 1024w, https:\/\/www.ilove.rio\/wp-content\/uploads\/2023\/05\/NEW-TAELNTS-768x288.jpeg 768w, https:\/\/www.ilove.rio\/wp-content\/uploads\/2023\/05\/NEW-TAELNTS-1536x576.jpeg 1536w, https:\/\/www.ilove.rio\/wp-content\/uploads\/2023\/05\/NEW-TAELNTS-18x7.jpeg 18w, https:\/\/www.ilove.rio\/wp-content\/uploads\/2023\/05\/NEW-TAELNTS.jpeg 1600w\" sizes=\"auto, (max-width: 300px) 100vw, 300px\" title=\"\"><\/div><\/a>\n\t\t\t\t<div class=\"elementor-post__text\">\n\t\t\t\t<h3 class=\"elementor-post__title\">\n\t\t\t<a href=\"https:\/\/www.ilove.rio\/pt\/ilove-rio-apresenta-novos-talentos-brasileiros-com-groover-co\/\">\n\t\t\t\tO ILOVE.RIO APRESENTA CADA VEZ MAIS NOVOS TALENTOS BRASILEIROS COM O GROOVER.CO! ILOVE.RIO PRESENTS MORE AND MORE NEW BRAZILIAN TALENTS WITH GROOVER.CO!\t\t\t<\/a>\n\t\t<\/h3>\n\t\t\t\t<div class=\"elementor-post__excerpt\">\n\t\t\t<p>OBRIGADO POR SUAS MUITAS SOLICITA\u00c7\u00d5ES. O ILOVE.RIO RECEBE NOVOS TALENTOS TODOS OS DIAS GRA\u00c7AS AO SITE GROOVER.CO. SELECIONAMOS FAIXAS QUE CORRESPONDEM AOS NOSSOS FORMATOS MUSICAIS E, \u00c9 CLARO, REFLETEM NOVOS<\/p>\n\t\t<\/div>\n\t\t\n\t\t<a class=\"elementor-post__read-more\" href=\"https:\/\/www.ilove.rio\/pt\/ilove-rio-apresenta-novos-talentos-brasileiros-com-groover-co\/\" aria-label=\"Read more about O ILOVE.RIO APRESENTA CADA VEZ MAIS NOVOS TALENTOS BRASILEIROS COM O GROOVER.CO! ILOVE.RIO PRESENTS MORE AND MORE NEW BRAZILIAN TALENTS WITH GROOVER.CO!\">\n\t\t\tLeia mais\t\t<\/a>\n\n\t\t\t\t<\/div>\n\t\t\t\t\t<\/div>\n\t\t<\/article>\n\t\t\t\t<article class=\"elementor-post elementor-grid-item post-9154 post type-post status-publish format-standard has-post-thumbnail hentry category-news-hp category-whats-up\">\n\t\t\t<div class=\"elementor-post__card\">\n\t\t\t\t<a class=\"elementor-post__thumbnail__link\" href=\"https:\/\/www.ilove.rio\/pt\/and-here-it-is-our-august-update-going-back-to-our-roots\/\"><div class=\"elementor-post__thumbnail\"><img loading=\"lazy\" decoding=\"async\" width=\"300\" height=\"233\" src=\"https:\/\/www.ilove.rio\/wp-content\/uploads\/2021\/11\/Eu-bebo-sim-300x233.jpg\" class=\"attachment-medium size-medium wp-image-4702\" alt=\"\" srcset=\"https:\/\/www.ilove.rio\/wp-content\/uploads\/2021\/11\/Eu-bebo-sim-300x233.jpg 300w, https:\/\/www.ilove.rio\/wp-content\/uploads\/2021\/11\/Eu-bebo-sim.jpg 450w\" sizes=\"auto, (max-width: 300px) 100vw, 300px\" title=\"\"><\/div><\/a>\n\t\t\t\t<div class=\"elementor-post__text\">\n\t\t\t\t<h3 class=\"elementor-post__title\">\n\t\t\t<a href=\"https:\/\/www.ilove.rio\/pt\/and-here-it-is-our-august-update-going-back-to-our-roots\/\">\n\t\t\t\tE AQUI EST\u00c1, NOSSA ATUALIZA\u00c7\u00c3O DE AGOSTO: VOLTANDO \u00c0S NOSSAS RA\u00cdZES! AND HERE IT IS, OUR AUGUST UPDATE: GOING BACK TO OUR ROOTS!\t\t\t<\/a>\n\t\t<\/h3>\n\t\t\t\t<div class=\"elementor-post__excerpt\">\n\t\t\t<p>E AQUI EST\u00c1 A ATUALIZA\u00c7\u00c3O DE AGOSTO. \u00c9 T\u00c3O CL\u00c1SSICA QUANTO O RESTO DA PROGRAMA\u00c7\u00c3O, QUE RETORNA \u00c0S RA\u00cdZES E AOS FUNDAMENTOS SELECIONADOS PELA PAUL-IN-RIO. AFINAL, \u00c9 ESSA MISTURA HABILIDOSA<\/p>\n\t\t<\/div>\n\t\t\n\t\t<a class=\"elementor-post__read-more\" href=\"https:\/\/www.ilove.rio\/pt\/and-here-it-is-our-august-update-going-back-to-our-roots\/\" aria-label=\"Read more about E AQUI EST\u00c1, NOSSA ATUALIZA\u00c7\u00c3O DE AGOSTO: VOLTANDO \u00c0S NOSSAS RA\u00cdZES! AND HERE IT IS, OUR AUGUST UPDATE: GOING BACK TO OUR ROOTS!\">\n\t\t\tLeia mais\t\t<\/a>\n\n\t\t\t\t<\/div>\n\t\t\t\t\t<\/div>\n\t\t<\/article>\n\t\t\t\t<article class=\"elementor-post elementor-grid-item post-9028 post type-post status-publish format-standard has-post-thumbnail hentry category-news-hp category-whats-up\">\n\t\t\t<div class=\"elementor-post__card\">\n\t\t\t\t<a class=\"elementor-post__thumbnail__link\" href=\"https:\/\/www.ilove.rio\/pt\/e-aqui-esta-a-atualizacao-de-maio-uma-atualizacao-anunciada-sob-o-tema-da-danca-e-que-inclui-muitos-remixes\/\"><div class=\"elementor-post__thumbnail\"><img loading=\"lazy\" decoding=\"async\" width=\"300\" height=\"113\" src=\"https:\/\/www.ilove.rio\/wp-content\/uploads\/2023\/03\/Carnaval-da-rua-1-1600x600--300x113.png\" class=\"attachment-medium size-medium wp-image-8669\" alt=\"\" srcset=\"https:\/\/www.ilove.rio\/wp-content\/uploads\/2023\/03\/Carnaval-da-rua-1-1600x600--300x113.png 300w, https:\/\/www.ilove.rio\/wp-content\/uploads\/2023\/03\/Carnaval-da-rua-1-1600x600--1024x384.png 1024w, https:\/\/www.ilove.rio\/wp-content\/uploads\/2023\/03\/Carnaval-da-rua-1-1600x600--768x288.png 768w, https:\/\/www.ilove.rio\/wp-content\/uploads\/2023\/03\/Carnaval-da-rua-1-1600x600--1536x576.png 1536w, https:\/\/www.ilove.rio\/wp-content\/uploads\/2023\/03\/Carnaval-da-rua-1-1600x600--18x7.png 18w, https:\/\/www.ilove.rio\/wp-content\/uploads\/2023\/03\/Carnaval-da-rua-1-1600x600-.png 1600w\" sizes=\"auto, (max-width: 300px) 100vw, 300px\" title=\"\"><\/div><\/a>\n\t\t\t\t<div class=\"elementor-post__text\">\n\t\t\t\t<h3 class=\"elementor-post__title\">\n\t\t\t<a href=\"https:\/\/www.ilove.rio\/pt\/e-aqui-esta-a-atualizacao-de-maio-uma-atualizacao-anunciada-sob-o-tema-da-danca-e-que-inclui-muitos-remixes\/\">\n\t\t\t\tE AQUI EST\u00c1 A ATUALIZA\u00c7\u00c3O DE MAIO! UMA ATUALIZA\u00c7\u00c3O ANUNCIADA SOB O TEMA DA DAN\u00c7A E QUE INCLUI MUITOS REMIXES!\t\t\t<\/a>\n\t\t<\/h3>\n\t\t\t\t<div class=\"elementor-post__excerpt\">\n\t\t\t<p>E aqui est\u00e1 a atualiza\u00e7\u00e3o de maio! Uma atualiza\u00e7\u00e3o anunciada sob o tema da dan\u00e7a e que inclui muitos remixes! Assim, voc\u00ea poder\u00e1 curtir a m\u00fasica brasileira mais uma vez<\/p>\n\t\t<\/div>\n\t\t\n\t\t<a class=\"elementor-post__read-more\" href=\"https:\/\/www.ilove.rio\/pt\/e-aqui-esta-a-atualizacao-de-maio-uma-atualizacao-anunciada-sob-o-tema-da-danca-e-que-inclui-muitos-remixes\/\" aria-label=\"Read more about E AQUI EST\u00c1 A ATUALIZA\u00c7\u00c3O DE MAIO! UMA ATUALIZA\u00c7\u00c3O ANUNCIADA SOB O TEMA DA DAN\u00c7A E QUE INCLUI MUITOS REMIXES!\">\n\t\t\tLeia mais\t\t<\/a>\n\n\t\t\t\t<\/div>\n\t\t\t\t\t<\/div>\n\t\t<\/article>\n\t\t\t\t<article class=\"elementor-post elementor-grid-item post-8945 post type-post status-publish format-standard has-post-thumbnail hentry category-news-hp category-whats-up\">\n\t\t\t<div class=\"elementor-post__card\">\n\t\t\t\t<a class=\"elementor-post__thumbnail__link\" href=\"https:\/\/www.ilove.rio\/pt\/ilove-rio-divulga-novos-talentos-brasileiros\/\"><div class=\"elementor-post__thumbnail\"><img loading=\"lazy\" decoding=\"async\" width=\"300\" height=\"113\" src=\"https:\/\/www.ilove.rio\/wp-content\/uploads\/2023\/05\/NEW-TAELNTS-300x113.jpeg\" class=\"attachment-medium size-medium wp-image-9005\" alt=\"\" srcset=\"https:\/\/www.ilove.rio\/wp-content\/uploads\/2023\/05\/NEW-TAELNTS-300x113.jpeg 300w, https:\/\/www.ilove.rio\/wp-content\/uploads\/2023\/05\/NEW-TAELNTS-1024x384.jpeg 1024w, https:\/\/www.ilove.rio\/wp-content\/uploads\/2023\/05\/NEW-TAELNTS-768x288.jpeg 768w, https:\/\/www.ilove.rio\/wp-content\/uploads\/2023\/05\/NEW-TAELNTS-1536x576.jpeg 1536w, https:\/\/www.ilove.rio\/wp-content\/uploads\/2023\/05\/NEW-TAELNTS-18x7.jpeg 18w, https:\/\/www.ilove.rio\/wp-content\/uploads\/2023\/05\/NEW-TAELNTS.jpeg 1600w\" sizes=\"auto, (max-width: 300px) 100vw, 300px\" title=\"\"><\/div><\/a>\n\t\t\t\t<div class=\"elementor-post__text\">\n\t\t\t\t<h3 class=\"elementor-post__title\">\n\t\t\t<a href=\"https:\/\/www.ilove.rio\/pt\/ilove-rio-divulga-novos-talentos-brasileiros\/\">\n\t\t\t\tILOVE.RIO DIVULGA NOVOS TALENTOS BRASILEIROS!\t\t\t<\/a>\n\t\t<\/h3>\n\t\t\t\t<div class=\"elementor-post__excerpt\">\n\t\t\t<p>H\u00e1 algumas semanas, o ILOVE.RIO vem recebendo faixas de novos talentos atrav\u00e9s do site Groover.co. Selecionamos as faixas que se encaixam em nossos formatos de m\u00fasica e que, \u00e9 claro,<\/p>\n\t\t<\/div>\n\t\t\n\t\t<a class=\"elementor-post__read-more\" href=\"https:\/\/www.ilove.rio\/pt\/ilove-rio-divulga-novos-talentos-brasileiros\/\" aria-label=\"Read more about ILOVE.RIO DIVULGA NOVOS TALENTOS BRASILEIROS!\">\n\t\t\tLeia mais\t\t<\/a>\n\n\t\t\t\t<\/div>\n\t\t\t\t\t<\/div>\n\t\t<\/article>\n\t\t\t\t<article class=\"elementor-post elementor-grid-item post-8589 post type-post status-publish format-standard has-post-thumbnail hentry category-news-hp category-whats-up\">\n\t\t\t<div class=\"elementor-post__card\">\n\t\t\t\t<a class=\"elementor-post__thumbnail__link\" href=\"https:\/\/www.ilove.rio\/pt\/e-a-vida-volta-em-seu-ritmo-natural\/\"><div class=\"elementor-post__thumbnail\"><img loading=\"lazy\" decoding=\"async\" width=\"300\" height=\"113\" src=\"https:\/\/www.ilove.rio\/wp-content\/uploads\/2023\/02\/Banner-Sculpture-beach-300x113.jpg\" class=\"attachment-medium size-medium wp-image-8590\" alt=\"\" srcset=\"https:\/\/www.ilove.rio\/wp-content\/uploads\/2023\/02\/Banner-Sculpture-beach-300x113.jpg 300w, https:\/\/www.ilove.rio\/wp-content\/uploads\/2023\/02\/Banner-Sculpture-beach-1024x384.jpg 1024w, https:\/\/www.ilove.rio\/wp-content\/uploads\/2023\/02\/Banner-Sculpture-beach-768x288.jpg 768w, https:\/\/www.ilove.rio\/wp-content\/uploads\/2023\/02\/Banner-Sculpture-beach-1536x576.jpg 1536w, https:\/\/www.ilove.rio\/wp-content\/uploads\/2023\/02\/Banner-Sculpture-beach-18x7.jpg 18w, https:\/\/www.ilove.rio\/wp-content\/uploads\/2023\/02\/Banner-Sculpture-beach.jpg 1600w\" sizes=\"auto, (max-width: 300px) 100vw, 300px\" title=\"\"><\/div><\/a>\n\t\t\t\t<div class=\"elementor-post__text\">\n\t\t\t\t<h3 class=\"elementor-post__title\">\n\t\t\t<a href=\"https:\/\/www.ilove.rio\/pt\/e-a-vida-volta-em-seu-ritmo-natural\/\">\n\t\t\t\tE a vida volta em seu ritmo natural\u2026\t\t\t<\/a>\n\t\t<\/h3>\n\t\t\t\t<div class=\"elementor-post__excerpt\">\n\t\t\t<p>Depois do carnaval, depois da ressaca, a vida! Fevereiro 2023 Caetano Veloso &#8211; Outras Palavras Cesar Camargo Mariano &#8211; Sao Paulo, Brasil Simone &#8211; A Flor da Terra Maria Bethania<\/p>\n\t\t<\/div>\n\t\t\n\t\t<a class=\"elementor-post__read-more\" href=\"https:\/\/www.ilove.rio\/pt\/e-a-vida-volta-em-seu-ritmo-natural\/\" aria-label=\"Read more about E a vida volta em seu ritmo natural\u2026\">\n\t\t\tLeia mais\t\t<\/a>\n\n\t\t\t\t<\/div>\n\t\t\t\t\t<\/div>\n\t\t<\/article>\n\t\t\t\t<article class=\"elementor-post elementor-grid-item post-8326 post type-post status-publish format-standard has-post-thumbnail hentry category-news-hp category-whats-up\">\n\t\t\t<div class=\"elementor-post__card\">\n\t\t\t\t<a class=\"elementor-post__thumbnail__link\" href=\"https:\/\/www.ilove.rio\/pt\/e-hora-do-carnaval-em-grande-retorno\/\"><div class=\"elementor-post__thumbnail\"><img loading=\"lazy\" decoding=\"async\" width=\"300\" height=\"113\" src=\"https:\/\/www.ilove.rio\/wp-content\/uploads\/2023\/02\/Carnaval-2023-1-1600x600-1-300x113.jpg\" class=\"attachment-medium size-medium wp-image-8316\" alt=\"\" srcset=\"https:\/\/www.ilove.rio\/wp-content\/uploads\/2023\/02\/Carnaval-2023-1-1600x600-1-300x113.jpg 300w, https:\/\/www.ilove.rio\/wp-content\/uploads\/2023\/02\/Carnaval-2023-1-1600x600-1-1024x384.jpg 1024w, https:\/\/www.ilove.rio\/wp-content\/uploads\/2023\/02\/Carnaval-2023-1-1600x600-1-768x288.jpg 768w, https:\/\/www.ilove.rio\/wp-content\/uploads\/2023\/02\/Carnaval-2023-1-1600x600-1-1536x576.jpg 1536w, https:\/\/www.ilove.rio\/wp-content\/uploads\/2023\/02\/Carnaval-2023-1-1600x600-1-18x7.jpg 18w, https:\/\/www.ilove.rio\/wp-content\/uploads\/2023\/02\/Carnaval-2023-1-1600x600-1.jpg 1600w\" sizes=\"auto, (max-width: 300px) 100vw, 300px\" title=\"\"><\/div><\/a>\n\t\t\t\t<div class=\"elementor-post__text\">\n\t\t\t\t<h3 class=\"elementor-post__title\">\n\t\t\t<a href=\"https:\/\/www.ilove.rio\/pt\/e-hora-do-carnaval-em-grande-retorno\/\">\n\t\t\t\t\u00c9 hora do Carnaval em grande retorno\t\t\t<\/a>\n\t\t<\/h3>\n\t\t\t\t<div class=\"elementor-post__excerpt\">\n\t\t\t<p>Carnaval, onde \u00e9 o carnaval? Carnaval, onde \u00e9 o carnaval? \u00c9 hora do Carnaval em grande retorno. O Carnaval do Rio de Janeiro ser\u00e1 realizado de sexta-feira, 17 de fevereiro<\/p>\n\t\t<\/div>\n\t\t\n\t\t<a class=\"elementor-post__read-more\" href=\"https:\/\/www.ilove.rio\/pt\/e-hora-do-carnaval-em-grande-retorno\/\" aria-label=\"Read more about \u00c9 hora do Carnaval em grande retorno\">\n\t\t\tLeia mais\t\t<\/a>\n\n\t\t\t\t<\/div>\n\t\t\t\t\t<\/div>\n\t\t<\/article>\n\t\t\t\t<article class=\"elementor-post elementor-grid-item post-7499 post type-post status-publish format-standard has-post-thumbnail hentry category-news-hp category-whats-up\">\n\t\t\t<div class=\"elementor-post__card\">\n\t\t\t\t<a class=\"elementor-post__thumbnail__link\" href=\"https:\/\/www.ilove.rio\/pt\/the-great-september-musical-update\/\"><div class=\"elementor-post__thumbnail\"><img loading=\"lazy\" decoding=\"async\" width=\"300\" height=\"300\" src=\"https:\/\/www.ilove.rio\/wp-content\/uploads\/2022\/09\/Simone-Mazzer-Cotonete-Simone-Mazzer-Cotonete-300x300.jpg\" class=\"attachment-medium size-medium wp-image-7482\" alt=\"\" srcset=\"https:\/\/www.ilove.rio\/wp-content\/uploads\/2022\/09\/Simone-Mazzer-Cotonete-Simone-Mazzer-Cotonete-300x300.jpg 300w, https:\/\/www.ilove.rio\/wp-content\/uploads\/2022\/09\/Simone-Mazzer-Cotonete-Simone-Mazzer-Cotonete-1024x1024.jpg 1024w, https:\/\/www.ilove.rio\/wp-content\/uploads\/2022\/09\/Simone-Mazzer-Cotonete-Simone-Mazzer-Cotonete-150x150.jpg 150w, https:\/\/www.ilove.rio\/wp-content\/uploads\/2022\/09\/Simone-Mazzer-Cotonete-Simone-Mazzer-Cotonete-768x768.jpg 768w, https:\/\/www.ilove.rio\/wp-content\/uploads\/2022\/09\/Simone-Mazzer-Cotonete-Simone-Mazzer-Cotonete-12x12.jpg 12w, https:\/\/www.ilove.rio\/wp-content\/uploads\/2022\/09\/Simone-Mazzer-Cotonete-Simone-Mazzer-Cotonete.jpg 1400w\" sizes=\"auto, (max-width: 300px) 100vw, 300px\" title=\"\"><\/div><\/a>\n\t\t\t\t<div class=\"elementor-post__text\">\n\t\t\t\t<h3 class=\"elementor-post__title\">\n\t\t\t<a href=\"https:\/\/www.ilove.rio\/pt\/the-great-september-musical-update\/\">\n\t\t\t\tO Brasil do futuro finalmente est\u00e1 de volta aos trilhos? Rezemos aos Orix\u00e1s e permane\u00e7amos confiantes...\t\t\t<\/a>\n\t\t<\/h3>\n\t\t\t\t<div class=\"elementor-post__excerpt\">\n\t\t\t<p>Esta \u00e9 nossa grande atualiza\u00e7\u00e3o musical de setembro. Outra sele\u00e7\u00e3o sutilmente elaborada por Paul-in-Rio e DJ \u00c7arava. \u00c9 como uma po\u00e7\u00e3o m\u00e1gica... \u00c9 a grande mistura do m\u00eas de setembro que traz<\/p>\n\t\t<\/div>\n\t\t\n\t\t<a class=\"elementor-post__read-more\" href=\"https:\/\/www.ilove.rio\/pt\/the-great-september-musical-update\/\" aria-label=\"Read more about Is the Brazil of the future finally back on tracks? Let&#8217;s pray to the Orix\u00e1s and remain confident&#8230;\">\n\t\t\tLeia mais\t\t<\/a>\n\n\t\t\t\t<\/div>\n\t\t\t\t\t<\/div>\n\t\t<\/article>\n\t\t\t\t<article class=\"elementor-post elementor-grid-item post-6993 post type-post status-publish format-standard has-post-thumbnail hentry category-news-hp category-whats-up\">\n\t\t\t<div class=\"elementor-post__card\">\n\t\t\t\t<a class=\"elementor-post__thumbnail__link\" href=\"https:\/\/www.ilove.rio\/pt\/https-www-ilove-rio-special-hot-programs-in-brazil-new-album-releases\/\"><div class=\"elementor-post__thumbnail\"><img loading=\"lazy\" decoding=\"async\" width=\"300\" height=\"300\" src=\"https:\/\/www.ilove.rio\/wp-content\/uploads\/2022\/08\/MainImageUPD02082022-300x300.jpg\" class=\"attachment-medium size-medium wp-image-7289\" alt=\"\" srcset=\"https:\/\/www.ilove.rio\/wp-content\/uploads\/2022\/08\/MainImageUPD02082022-300x300.jpg 300w, https:\/\/www.ilove.rio\/wp-content\/uploads\/2022\/08\/MainImageUPD02082022-1024x1024.jpg 1024w, https:\/\/www.ilove.rio\/wp-content\/uploads\/2022\/08\/MainImageUPD02082022-150x150.jpg 150w, https:\/\/www.ilove.rio\/wp-content\/uploads\/2022\/08\/MainImageUPD02082022-768x768.jpg 768w, https:\/\/www.ilove.rio\/wp-content\/uploads\/2022\/08\/MainImageUPD02082022-12x12.jpg 12w, https:\/\/www.ilove.rio\/wp-content\/uploads\/2022\/08\/MainImageUPD02082022.jpg 1100w\" sizes=\"auto, (max-width: 300px) 100vw, 300px\" title=\"\"><\/div><\/a>\n\t\t\t\t<div class=\"elementor-post__text\">\n\t\t\t\t<h3 class=\"elementor-post__title\">\n\t\t\t<a href=\"https:\/\/www.ilove.rio\/pt\/https-www-ilove-rio-special-hot-programs-in-brazil-new-album-releases\/\">\n\t\t\t\tCoisas quentes! Est\u00e1 quente em todo o mundo... Nova atualiza\u00e7\u00e3o Hot Musical.\t\t\t<\/a>\n\t\t<\/h3>\n\t\t\t\t<div class=\"elementor-post__excerpt\">\n\t\t\t<p>Atualiza\u00e7\u00e3o musical quente... Sim, \u00e9 isso mesmo. Esta Nova sele\u00e7\u00e3o musical \u00e9 feita em conjunto por Paul-in-rio &amp; Djay \u00c7arav\u00e1. Novas cria\u00e7\u00f5es, lembran\u00e7as, pe\u00e7as imperd\u00edveis: A m\u00fasica brasileira renasce, renasce<\/p>\n\t\t<\/div>\n\t\t\n\t\t<a class=\"elementor-post__read-more\" href=\"https:\/\/www.ilove.rio\/pt\/https-www-ilove-rio-special-hot-programs-in-brazil-new-album-releases\/\" aria-label=\"Read more about Hot stuff! It is hot everywhere around the world&#8230; New Hot Musical update.\">\n\t\t\tLeia mais\t\t<\/a>\n\n\t\t\t\t<\/div>\n\t\t\t\t\t<\/div>\n\t\t<\/article>\n\t\t\t\t<article class=\"elementor-post elementor-grid-item post-6940 post type-post status-publish format-standard has-post-thumbnail hentry category-news-hp category-whats-up\">\n\t\t\t<div class=\"elementor-post__card\">\n\t\t\t\t<a class=\"elementor-post__thumbnail__link\" href=\"https:\/\/www.ilove.rio\/pt\/this-is-a-special-release-for-may-2022-it-has-been-set-by-paul-in-rio-and-new-great-brazilian-dj-that-has-now-joined-the-team-welcome-aboard-jose-and-thanks-for-your-positive-energy\/\"><div class=\"elementor-post__thumbnail\"><img loading=\"lazy\" decoding=\"async\" width=\"300\" height=\"300\" src=\"https:\/\/www.ilove.rio\/wp-content\/uploads\/2022\/05\/MAY2022-RELEASE-COVERS1-300x300.png\" class=\"attachment-medium size-medium wp-image-6959\" alt=\"\" srcset=\"https:\/\/www.ilove.rio\/wp-content\/uploads\/2022\/05\/MAY2022-RELEASE-COVERS1-300x300.png 300w, https:\/\/www.ilove.rio\/wp-content\/uploads\/2022\/05\/MAY2022-RELEASE-COVERS1-1024x1024.png 1024w, https:\/\/www.ilove.rio\/wp-content\/uploads\/2022\/05\/MAY2022-RELEASE-COVERS1-150x150.png 150w, https:\/\/www.ilove.rio\/wp-content\/uploads\/2022\/05\/MAY2022-RELEASE-COVERS1-768x769.png 768w, https:\/\/www.ilove.rio\/wp-content\/uploads\/2022\/05\/MAY2022-RELEASE-COVERS1-12x12.png 12w, https:\/\/www.ilove.rio\/wp-content\/uploads\/2022\/05\/MAY2022-RELEASE-COVERS1.png 1099w\" sizes=\"auto, (max-width: 300px) 100vw, 300px\" title=\"\"><\/div><\/a>\n\t\t\t\t<div class=\"elementor-post__text\">\n\t\t\t\t<h3 class=\"elementor-post__title\">\n\t\t\t<a href=\"https:\/\/www.ilove.rio\/pt\/this-is-a-special-release-for-may-2022-it-has-been-set-by-paul-in-rio-and-new-great-brazilian-dj-that-has-now-joined-the-team-welcome-aboard-jose-and-thanks-for-your-positive-energy\/\">\n\t\t\t\tLan\u00e7amento especial em MAIO DE 2022. Isto foi estabelecido por Jos\u00e9 e Paul-in-Rio. Jos\u00e9 \u00e9 um DJ e produtor musical brasileiro legal que se juntou \u00e0 equipe. Bem-vindo a bordo de Jos\u00e9! Em breve nos comunicaremos a seu respeito.\t\t\t<\/a>\n\t\t<\/h3>\n\t\t\t\t<div class=\"elementor-post__excerpt\">\n\t\t\t<p>Novo lan\u00e7amento musical em maio de 2022, de volta \u00e0s pistas! Bemvindo Jos\u00e9 e muito obrigado! Lan\u00e7amento especial de MAIO 2022. Conjunto de Jos\u00e9 e Paul-in-Rio. Jos\u00e9 \u00e9 um dj e m\u00fasica brasileira legal<\/p>\n\t\t<\/div>\n\t\t\n\t\t<a class=\"elementor-post__read-more\" href=\"https:\/\/www.ilove.rio\/pt\/this-is-a-special-release-for-may-2022-it-has-been-set-by-paul-in-rio-and-new-great-brazilian-dj-that-has-now-joined-the-team-welcome-aboard-jose-and-thanks-for-your-positive-energy\/\" aria-label=\"Read more about Special MAY 2022 release. This has been set by Jos\u00e9 and Paul-in-Rio. Jos\u00e9 is a cool brazilian dj and music producer that has joined the team. Welcome aboard Jos\u00e9! We will communicate soon about you.\">\n\t\t\tLeia mais\t\t<\/a>\n\n\t\t\t\t<\/div>\n\t\t\t\t\t<\/div>\n\t\t<\/article>\n\t\t\t\t<article class=\"elementor-post elementor-grid-item post-6391 post type-post status-publish format-standard has-post-thumbnail hentry category-news-hp category-whats-up\">\n\t\t\t<div class=\"elementor-post__card\">\n\t\t\t\t<a class=\"elementor-post__thumbnail__link\" href=\"https:\/\/www.ilove.rio\/pt\/antes-o-carnaval-calm-before-foolishness-a-new-musical-release-for-february\/\"><div class=\"elementor-post__thumbnail\"><img loading=\"lazy\" decoding=\"async\" width=\"300\" height=\"300\" src=\"https:\/\/www.ilove.rio\/wp-content\/uploads\/2022\/01\/MAJ28012022-300x300.jpg\" class=\"attachment-medium size-medium wp-image-6449\" alt=\"\" srcset=\"https:\/\/www.ilove.rio\/wp-content\/uploads\/2022\/01\/MAJ28012022-300x300.jpg 300w, https:\/\/www.ilove.rio\/wp-content\/uploads\/2022\/01\/MAJ28012022-1024x1024.jpg 1024w, https:\/\/www.ilove.rio\/wp-content\/uploads\/2022\/01\/MAJ28012022-150x150.jpg 150w, https:\/\/www.ilove.rio\/wp-content\/uploads\/2022\/01\/MAJ28012022-768x768.jpg 768w, https:\/\/www.ilove.rio\/wp-content\/uploads\/2022\/01\/MAJ28012022-12x12.jpg 12w, https:\/\/www.ilove.rio\/wp-content\/uploads\/2022\/01\/MAJ28012022.jpg 1100w\" sizes=\"auto, (max-width: 300px) 100vw, 300px\" title=\"\"><\/div><\/a>\n\t\t\t\t<div class=\"elementor-post__text\">\n\t\t\t\t<h3 class=\"elementor-post__title\">\n\t\t\t<a href=\"https:\/\/www.ilove.rio\/pt\/antes-o-carnaval-calm-before-foolishness-a-new-musical-release-for-february\/\">\n\t\t\t\tAntes do carnaval! Calma antes da tolice... um novo lan\u00e7amento musical para fevereiro \ud83d\ude42\t\t\t<\/a>\n\t\t<\/h3>\n\t\t\t\t<div class=\"elementor-post__excerpt\">\n\t\t\t<p>Novo lan\u00e7amento musical: Antes do carnaval! Aqui est\u00e1 nossa nova atualiza\u00e7\u00e3o musical para fevereiro, Antes do carnaval! Calma antes das tolices... Algumas novas can\u00e7\u00f5es, lembran\u00e7as, can\u00e7\u00f5es para celebrar, dan\u00e7ar e compartilhar<\/p>\n\t\t<\/div>\n\t\t\n\t\t<a class=\"elementor-post__read-more\" href=\"https:\/\/www.ilove.rio\/pt\/antes-o-carnaval-calm-before-foolishness-a-new-musical-release-for-february\/\" aria-label=\"Read more about Antes o carnaval! Calm before foolishness&#8230; a new musical release for february :)\">\n\t\t\tLeia mais\t\t<\/a>\n\n\t\t\t\t<\/div>\n\t\t\t\t\t<\/div>\n\t\t<\/article>\n\t\t\t\t<\/div>\n\t\t\n\t\t\t\t<div class=\"e-load-more-anchor\" data-page=\"1\" data-max-page=\"2\" data-next-page=\"https:\/\/www.ilove.rio\/pt\/wp-json\/wp\/v2\/pages\/1503\/page\/2\/\"><\/div>\n\t\t\t\t<nav class=\"elementor-pagination\" aria-label=\"Pagination\">\n\t\t\t<span class=\"page-numbers prev\">&laquo; Pr\u00e9c.<\/span>\n<span aria-current=\"page\" class=\"page-numbers current\"><span class=\"elementor-screen-only\">Page<\/span>1<\/span>\n<a class=\"page-numbers\" href=\"https:\/\/www.ilove.rio\/pt\/wp-json\/wp\/v2\/pages\/1503\/page\/2\/\"><span class=\"elementor-screen-only\">Page<\/span>2<\/a>\n<a class=\"page-numbers next\" href=\"https:\/\/www.ilove.rio\/pt\/wp-json\/wp\/v2\/pages\/1503\/page\/2\/\">Suiv. &raquo;<\/a>\t\t<\/nav>\n\t\t\t\t<\/div>\n\t\t\t\t<\/div>\n\t\t\t\t<div class=\"elementor-element elementor-element-136f864 elementor-widget elementor-widget-heading\" data-id=\"136f864\" data-element_type=\"widget\" data-widget_type=\"heading.default\">\n\t\t\t\t<div class=\"elementor-widget-container\">\n\t\t\t<h2 class=\"elementor-heading-title elementor-size-default\">NOVAS PLAYLISTS<\/h2>\t\t<\/div>\n\t\t\t\t<\/div>\n\t\t\t\t<div class=\"elementor-element elementor-element-ee109e6 elementor-grid-3 elementor-grid-tablet-2 elementor-grid-mobile-1 elementor-posts--thumbnail-top elementor-card-shadow-yes elementor-posts__hover-gradient elementor-widget elementor-widget-posts\" data-id=\"ee109e6\" data-element_type=\"widget\" data-settings=\"{&quot;cards_row_gap&quot;:{&quot;unit&quot;:&quot;px&quot;,&quot;size&quot;:20,&quot;sizes&quot;:[]},&quot;pagination_type&quot;:&quot;numbers_and_prev_next&quot;,&quot;cards_columns&quot;:&quot;3&quot;,&quot;cards_columns_tablet&quot;:&quot;2&quot;,&quot;cards_columns_mobile&quot;:&quot;1&quot;,&quot;cards_row_gap_tablet&quot;:{&quot;unit&quot;:&quot;px&quot;,&quot;size&quot;:&quot;&quot;,&quot;sizes&quot;:[]},&quot;cards_row_gap_mobile&quot;:{&quot;unit&quot;:&quot;px&quot;,&quot;size&quot;:&quot;&quot;,&quot;sizes&quot;:[]}}\" data-widget_type=\"posts.cards\">\n\t\t\t\t<div class=\"elementor-widget-container\">\n\t\t\t\t\t<div class=\"elementor-posts-container elementor-posts elementor-posts--skin-cards elementor-grid\">\n\t\t\t\t<article class=\"elementor-post elementor-grid-item post-4616 post type-post status-publish format-standard has-post-thumbnail hentry category-playlist\">\n\t\t\t<div class=\"elementor-post__card\">\n\t\t\t\t<a class=\"elementor-post__thumbnail__link\" href=\"https:\/\/www.ilove.rio\/pt\/otimo-i-love-rio-vol-2-comes-for-vacations\/\"><div class=\"elementor-post__thumbnail\"><img loading=\"lazy\" decoding=\"async\" width=\"300\" height=\"300\" src=\"https:\/\/www.ilove.rio\/wp-content\/uploads\/2021\/11\/PLAYLIST-ILOVERIO-VOL2-bis-300x300.jpg\" class=\"attachment-medium size-medium wp-image-4579\" alt=\"\" srcset=\"https:\/\/www.ilove.rio\/wp-content\/uploads\/2021\/11\/PLAYLIST-ILOVERIO-VOL2-bis-300x300.jpg 300w, https:\/\/www.ilove.rio\/wp-content\/uploads\/2021\/11\/PLAYLIST-ILOVERIO-VOL2-bis-1024x1024.jpg 1024w, https:\/\/www.ilove.rio\/wp-content\/uploads\/2021\/11\/PLAYLIST-ILOVERIO-VOL2-bis-150x150.jpg 150w, https:\/\/www.ilove.rio\/wp-content\/uploads\/2021\/11\/PLAYLIST-ILOVERIO-VOL2-bis-768x768.jpg 768w, https:\/\/www.ilove.rio\/wp-content\/uploads\/2021\/11\/PLAYLIST-ILOVERIO-VOL2-bis.jpg 1200w\" sizes=\"auto, (max-width: 300px) 100vw, 300px\" title=\"\"><\/div><\/a>\n\t\t\t\t<div class=\"elementor-post__text\">\n\t\t\t\t<h3 class=\"elementor-post__title\">\n\t\t\t<a href=\"https:\/\/www.ilove.rio\/pt\/otimo-i-love-rio-vol-2-comes-for-vacations\/\">\n\t\t\t\tOtimo! \"I LOVE RIO VOL.2 by PAUL-IN-RIO\" vem para as f\u00e9rias!\t\t\t<\/a>\n\t\t<\/h3>\n\t\t\t\t<div class=\"elementor-post__excerpt\">\n\t\t\t<p>Super legal! A playlist \"I LOVE RIO VOL.2 by PAUL-IN-RIO\" deliciosamente adaptado a suas orelhas bronzeadas, acaba de ser liberado para as f\u00e9rias! N\u00e3o h\u00e1 tempo a perder para obt\u00ea-lo!<\/p>\n\t\t<\/div>\n\t\t\n\t\t<a class=\"elementor-post__read-more\" href=\"https:\/\/www.ilove.rio\/pt\/otimo-i-love-rio-vol-2-comes-for-vacations\/\" aria-label=\"Read more about Otimo! &#8220;I LOVE RIO VOL.2 by PAUL-IN-RIO&#8221; comes for vacations!\">\n\t\t\tLeia mais\t\t<\/a>\n\n\t\t\t\t<\/div>\n\t\t\t\t\t<\/div>\n\t\t<\/article>\n\t\t\t\t<article class=\"elementor-post elementor-grid-item post-2766 post type-post status-publish format-standard has-post-thumbnail hentry category-news-hp category-playlist\">\n\t\t\t<div class=\"elementor-post__card\">\n\t\t\t\t<a class=\"elementor-post__thumbnail__link\" href=\"https:\/\/www.ilove.rio\/pt\/this-is-an-i-love-rio-news-3\/\"><div class=\"elementor-post__thumbnail\"><img loading=\"lazy\" decoding=\"async\" width=\"300\" height=\"300\" src=\"https:\/\/www.ilove.rio\/wp-content\/uploads\/2021\/11\/PLAYLIST-ILOVERIO-VOL1-bis-300x300.jpg\" class=\"attachment-medium size-medium wp-image-4588\" alt=\"\" srcset=\"https:\/\/www.ilove.rio\/wp-content\/uploads\/2021\/11\/PLAYLIST-ILOVERIO-VOL1-bis-300x300.jpg 300w, https:\/\/www.ilove.rio\/wp-content\/uploads\/2021\/11\/PLAYLIST-ILOVERIO-VOL1-bis-1024x1024.jpg 1024w, https:\/\/www.ilove.rio\/wp-content\/uploads\/2021\/11\/PLAYLIST-ILOVERIO-VOL1-bis-150x150.jpg 150w, https:\/\/www.ilove.rio\/wp-content\/uploads\/2021\/11\/PLAYLIST-ILOVERIO-VOL1-bis-768x768.jpg 768w, https:\/\/www.ilove.rio\/wp-content\/uploads\/2021\/11\/PLAYLIST-ILOVERIO-VOL1-bis.jpg 1200w\" sizes=\"auto, (max-width: 300px) 100vw, 300px\" title=\"\"><\/div><\/a>\n\t\t\t\t<div class=\"elementor-post__text\">\n\t\t\t\t<h3 class=\"elementor-post__title\">\n\t\t\t<a href=\"https:\/\/www.ilove.rio\/pt\/this-is-an-i-love-rio-news-3\/\">\n\t\t\t\tQue legal! A playlist \"I LOVE RIO VOL.1 by PAUL-IN-RIO\" acaba de sair!\t\t\t<\/a>\n\t\t<\/h3>\n\t\t\t\t<div class=\"elementor-post__excerpt\">\n\t\t\t<p>Super legal! A playlist \"I LOVE RIO VOL.2 by PAUL-IN-RIO\" deliciosamente adaptada aos seus ouvidos bronzeados, acaba de ser lan\u00e7ada para as f\u00e9rias ! N\u00e3o h\u00e1 tempo a perder para conseguir. Carioca Hot\u2019n Soul mix.<\/p>\n\t\t<\/div>\n\t\t\n\t\t<a class=\"elementor-post__read-more\" href=\"https:\/\/www.ilove.rio\/pt\/this-is-an-i-love-rio-news-3\/\" aria-label=\"Read more about Que legal! The playlist &#8220;I LOVE RIO VOL.1 by PAUL-IN-RIO&#8221; is just out!\">\n\t\t\tLeia mais\t\t<\/a>\n\n\t\t\t\t<\/div>\n\t\t\t\t\t<\/div>\n\t\t<\/article>\n\t\t\t\t<\/div>\n\t\t\n\t\t\t\t<\/div>\n\t\t\t\t<\/div>\n\t\t\t\t\t<\/div>\n\t\t<\/div>\n\t\t\t\t\t\t\t<\/div>\n\t\t<\/section>\n\t\t\t\t\t\t<\/div>\n\t\t\t\t<\/div>\n\t\t\t\t<\/div>\n\t\t\t\t<\/div>\n\t\t\t\t\t<\/div>\n\t\t<\/div>\n\t\t\t\t\t\t\t<\/div>\n\t\t<\/section>\n\t\t\t\t\t\t\t<\/div>","protected":false},"excerpt":{"rendered":"<p>NOVIDADE<\/p>","protected":false},"author":1,"featured_media":0,"parent":0,"menu_order":0,"comment_status":"closed","ping_status":"closed","template":"","meta":{"footnotes":""},"class_list":["post-1503","page","type-page","status-publish","hentry"],"acf":[],"_links":{"self":[{"href":"https:\/\/www.ilove.rio\/pt\/wp-json\/wp\/v2\/pages\/1503","targetHints":{"allow":["GET"]}}],"collection":[{"href":"https:\/\/www.ilove.rio\/pt\/wp-json\/wp\/v2\/pages"}],"about":[{"href":"https:\/\/www.ilove.rio\/pt\/wp-json\/wp\/v2\/types\/page"}],"author":[{"embeddable":true,"href":"https:\/\/www.ilove.rio\/pt\/wp-json\/wp\/v2\/users\/1"}],"replies":[{"embeddable":true,"href":"https:\/\/www.ilove.rio\/pt\/wp-json\/wp\/v2\/comments?post=1503"}],"version-history":[{"count":0,"href":"https:\/\/www.ilove.rio\/pt\/wp-json\/wp\/v2\/pages\/1503\/revisions"}],"wp:attachment":[{"href":"https:\/\/www.ilove.rio\/pt\/wp-json\/wp\/v2\/media?parent=1503"}],"curies":[{"name":"wp","href":"https:\/\/api.w.org\/{rel}","templated":true}]}}